{"id":6165,"date":"2021-11-12T08:34:37","date_gmt":"2021-11-12T07:34:37","guid":{"rendered":"https:\/\/zkbsportclub.ch\/laufen\/?page_id=6165"},"modified":"2021-11-12T09:48:35","modified_gmt":"2021-11-12T08:48:35","slug":"fotogalerie-2021","status":"publish","type":"page","link":"https:\/\/zkbsportclub.ch\/laufen\/fotogalerie\/fotogalerie-2021\/","title":{"rendered":"Fotogalerie 2021"},"content":{"rendered":"\n<div class=\"\"><ul class=\"nav nav-tabs\" id=\"oscitas-tabs-0\"><li class=\"active\"><a class=\"\" href=\"#pane-0-0\" data-toggle=\"tab\">Herbstlauf<\/a><\/li><\/ul><div class=\"tab-content\"><div class=\"tab-pane active\" id=\"pane-0-0\"><\/p>\n\n\n\n<p>Kurze Strecke: Bilder und Texte von Peter Rehhorn<\/p>\n\n\n\n<p>Walkinggruppe: Bilder von Roland Werder und Fredy Steiner <\/p>\n\n\n\n<div class=\"wp-block-responsive-lightbox-gallery\"><div class=\"rl-gallery-container rl-loading\" id=\"rl-gallery-container-1\" data-gallery_id=\"6173\"> <div class=\"rl-gallery rl-basicgrid-gallery rl-hover-effect-2 rl-hover-icon-9\" id=\"rl-gallery-1\" data-gallery_no=\"1\"> <div class=\"rl-gallery-item\"><a href=\"https:\/\/zkbsportclub.ch\/laufen\/wp-content\/uploads\/sites\/29\/2021\/11\/IMG_0001-scaled.jpg\" title=\"S\u00e4mi macht das Gruppenbild von unserem ersten Auftritt im neuen T-Shirt.\" data-rl_title=\"S\u00e4mi macht das Gruppenbild von unserem ersten Auftritt im neuen T-Shirt.\" class=\"rl-gallery-link\" data-rl_caption=\"\" data-rel=\"lightbox-gallery-1\"><img loading=\"lazy\" decoding=\"async\" src=\"https:\/\/zkbsportclub.ch\/laufen\/wp-content\/uploads\/sites\/29\/2021\/11\/IMG_0001-150x150.jpg\" width=\"150\" height=\"150\" alt=\"\" \/><span class=\"rl-gallery-caption\"><span class=\"rl-gallery-item-title\">S\u00e4mi macht das Gruppenbild von unserem ersten Auftritt im neuen T-Shirt.<\/span><\/span><\/a><\/div><div class=\"rl-gallery-item\"><a href=\"https:\/\/zkbsportclub.ch\/laufen\/wp-content\/uploads\/sites\/29\/2021\/11\/IMG_0002-scaled.jpg\" title=\"Treffpunkt f\u00fcr den ersten und einzigen Lauf im 2021 ist wie fr\u00fcher die Sportanlage Deutweg.\" data-rl_title=\"Treffpunkt f\u00fcr den ersten und einzigen Lauf im 2021 ist wie fr\u00fcher die Sportanlage Deutweg.\" class=\"rl-gallery-link\" data-rl_caption=\"\" data-rel=\"lightbox-gallery-1\"><img loading=\"lazy\" decoding=\"async\" src=\"https:\/\/zkbsportclub.ch\/laufen\/wp-content\/uploads\/sites\/29\/2021\/11\/IMG_0002-150x150.jpg\" width=\"150\" height=\"150\" alt=\"\" \/><span class=\"rl-gallery-caption\"><span class=\"rl-gallery-item-title\">Treffpunkt f\u00fcr den ersten und einzigen Lauf im 2021 ist wie fr\u00fcher die Sportanlage Deutweg.<\/span><\/span><\/a><\/div><div class=\"rl-gallery-item\"><a href=\"https:\/\/zkbsportclub.ch\/laufen\/wp-content\/uploads\/sites\/29\/2021\/11\/IMG_0003-scaled.jpg\" title=\"Gibt es eventuell noch Unklarheiten zur Laufrichtung ?\" data-rl_title=\"Gibt es eventuell noch Unklarheiten zur Laufrichtung ?\" class=\"rl-gallery-link\" data-rl_caption=\"\" data-rel=\"lightbox-gallery-1\"><img loading=\"lazy\" decoding=\"async\" src=\"https:\/\/zkbsportclub.ch\/laufen\/wp-content\/uploads\/sites\/29\/2021\/11\/IMG_0003-150x150.jpg\" width=\"150\" height=\"150\" alt=\"\" \/><span class=\"rl-gallery-caption\"><span class=\"rl-gallery-item-title\">Gibt es eventuell noch Unklarheiten zur Laufrichtung ?<\/span><\/span><\/a><\/div><div class=\"rl-gallery-item\"><a href=\"https:\/\/zkbsportclub.ch\/laufen\/wp-content\/uploads\/sites\/29\/2021\/11\/IMG_0004.jpg\" title=\"S\u00e4mi und Matthias, die Organisatoren des Laufs, informieren uns \u00fcber die Strecken.\" data-rl_title=\"S\u00e4mi und Matthias, die Organisatoren des Laufs, informieren uns \u00fcber die Strecken.\" class=\"rl-gallery-link\" data-rl_caption=\"\" data-rel=\"lightbox-gallery-1\"><img loading=\"lazy\" decoding=\"async\" src=\"https:\/\/zkbsportclub.ch\/laufen\/wp-content\/uploads\/sites\/29\/2021\/11\/IMG_0004-150x150.jpg\" width=\"150\" height=\"150\" alt=\"\" \/><span class=\"rl-gallery-caption\"><span class=\"rl-gallery-item-title\">S\u00e4mi und Matthias, die Organisatoren des Laufs, informieren uns \u00fcber die Strecken.<\/span><\/span><\/a><\/div><div class=\"rl-gallery-item\"><a href=\"https:\/\/zkbsportclub.ch\/laufen\/wp-content\/uploads\/sites\/29\/2021\/11\/IMG_0005-scaled.jpg\" title=\"S\u00e4mi wird die lange Strecke anf\u00fchren, \u2026\" data-rl_title=\"S\u00e4mi wird die lange Strecke anf\u00fchren, \u2026\" class=\"rl-gallery-link\" data-rl_caption=\"\" data-rel=\"lightbox-gallery-1\"><img loading=\"lazy\" decoding=\"async\" src=\"https:\/\/zkbsportclub.ch\/laufen\/wp-content\/uploads\/sites\/29\/2021\/11\/IMG_0005-150x150.jpg\" width=\"150\" height=\"150\" alt=\"\" \/><span class=\"rl-gallery-caption\"><span class=\"rl-gallery-item-title\">S\u00e4mi wird die lange Strecke anf\u00fchren, \u2026<\/span><\/span><\/a><\/div><div class=\"rl-gallery-item\"><a href=\"https:\/\/zkbsportclub.ch\/laufen\/wp-content\/uploads\/sites\/29\/2021\/11\/IMG_0006-scaled.jpg\" title=\"\u2026 Matthias die kurze Strecke.\" data-rl_title=\"\u2026 Matthias die kurze Strecke.\" class=\"rl-gallery-link\" data-rl_caption=\"\" data-rel=\"lightbox-gallery-1\"><img loading=\"lazy\" decoding=\"async\" src=\"https:\/\/zkbsportclub.ch\/laufen\/wp-content\/uploads\/sites\/29\/2021\/11\/IMG_0006-150x150.jpg\" width=\"150\" height=\"150\" alt=\"\" \/><span class=\"rl-gallery-caption\"><span class=\"rl-gallery-item-title\">\u2026 Matthias die kurze Strecke.<\/span><\/span><\/a><\/div><div class=\"rl-gallery-item\"><a href=\"https:\/\/zkbsportclub.ch\/laufen\/wp-content\/uploads\/sites\/29\/2021\/11\/IMG_0007-scaled.jpg\" title=\"Bei der Walkinggruppe zeigt Fredy (auf dem Bild leider verdeckt) den Weg.\" data-rl_title=\"Bei der Walkinggruppe zeigt Fredy (auf dem Bild leider verdeckt) den Weg.\" class=\"rl-gallery-link\" data-rl_caption=\"\" data-rel=\"lightbox-gallery-1\"><img loading=\"lazy\" decoding=\"async\" src=\"https:\/\/zkbsportclub.ch\/laufen\/wp-content\/uploads\/sites\/29\/2021\/11\/IMG_0007-150x150.jpg\" width=\"150\" height=\"150\" alt=\"\" \/><span class=\"rl-gallery-caption\"><span class=\"rl-gallery-item-title\">Bei der Walkinggruppe zeigt Fredy (auf dem Bild leider verdeckt) den Weg.<\/span><\/span><\/a><\/div><div class=\"rl-gallery-item\"><a href=\"https:\/\/zkbsportclub.ch\/laufen\/wp-content\/uploads\/sites\/29\/2021\/11\/IMG_0008-scaled.jpg\" title=\"Acht L\u00e4uferinnen und L\u00e4ufer haben sich f\u00fcr die kurze Strecke entschieden, \u2026\" data-rl_title=\"Acht L\u00e4uferinnen und L\u00e4ufer haben sich f\u00fcr die kurze Strecke entschieden, \u2026\" class=\"rl-gallery-link\" data-rl_caption=\"\" data-rel=\"lightbox-gallery-1\"><img loading=\"lazy\" decoding=\"async\" src=\"https:\/\/zkbsportclub.ch\/laufen\/wp-content\/uploads\/sites\/29\/2021\/11\/IMG_0008-150x150.jpg\" width=\"150\" height=\"150\" alt=\"\" \/><span class=\"rl-gallery-caption\"><span class=\"rl-gallery-item-title\">Acht L\u00e4uferinnen und L\u00e4ufer haben sich f\u00fcr die kurze Strecke entschieden, \u2026<\/span><\/span><\/a><\/div><div class=\"rl-gallery-item\"><a href=\"https:\/\/zkbsportclub.ch\/laufen\/wp-content\/uploads\/sites\/29\/2021\/11\/IMG_0009-scaled.jpg\" title=\"\u2026 drei haben die lange Strecke gew\u00e4hlt.\" data-rl_title=\"\u2026 drei haben die lange Strecke gew\u00e4hlt.\" class=\"rl-gallery-link\" data-rl_caption=\"\" data-rel=\"lightbox-gallery-1\"><img loading=\"lazy\" decoding=\"async\" src=\"https:\/\/zkbsportclub.ch\/laufen\/wp-content\/uploads\/sites\/29\/2021\/11\/IMG_0009-150x150.jpg\" width=\"150\" height=\"150\" alt=\"\" \/><span class=\"rl-gallery-caption\"><span class=\"rl-gallery-item-title\">\u2026 drei haben die lange Strecke gew\u00e4hlt.<\/span><\/span><\/a><\/div><div class=\"rl-gallery-item\"><a href=\"https:\/\/zkbsportclub.ch\/laufen\/wp-content\/uploads\/sites\/29\/2021\/11\/IMG_0010.png\" title=\"Dominik (jetzt auch bei den Joggern !) und Fr\u00e4nzi.\" data-rl_title=\"Dominik (jetzt auch bei den Joggern !) und Fr\u00e4nzi.\" class=\"rl-gallery-link\" data-rl_caption=\"\" data-rel=\"lightbox-gallery-1\"><img loading=\"lazy\" decoding=\"async\" src=\"https:\/\/zkbsportclub.ch\/laufen\/wp-content\/uploads\/sites\/29\/2021\/11\/IMG_0010-150x150.png\" width=\"150\" height=\"150\" alt=\"\" \/><span class=\"rl-gallery-caption\"><span class=\"rl-gallery-item-title\">Dominik (jetzt auch bei den Joggern !) und Fr\u00e4nzi.<\/span><\/span><\/a><\/div><div class=\"rl-gallery-item\"><a href=\"https:\/\/zkbsportclub.ch\/laufen\/wp-content\/uploads\/sites\/29\/2021\/11\/IMG_0011-scaled.jpg\" title=\"Claudia, Marcel und Birgit.\" data-rl_title=\"Claudia, Marcel und Birgit.\" class=\"rl-gallery-link\" data-rl_caption=\"\" data-rel=\"lightbox-gallery-1\"><img loading=\"lazy\" decoding=\"async\" src=\"https:\/\/zkbsportclub.ch\/laufen\/wp-content\/uploads\/sites\/29\/2021\/11\/IMG_0011-150x150.jpg\" width=\"150\" height=\"150\" alt=\"\" \/><span class=\"rl-gallery-caption\"><span class=\"rl-gallery-item-title\">Claudia, Marcel und Birgit.<\/span><\/span><\/a><\/div><div class=\"rl-gallery-item\"><a href=\"https:\/\/zkbsportclub.ch\/laufen\/wp-content\/uploads\/sites\/29\/2021\/11\/IMG_0012a.png\" title=\"Matthias und Peter.\" data-rl_title=\"Matthias und Peter.\" class=\"rl-gallery-link\" data-rl_caption=\"\" data-rel=\"lightbox-gallery-1\"><img loading=\"lazy\" decoding=\"async\" src=\"https:\/\/zkbsportclub.ch\/laufen\/wp-content\/uploads\/sites\/29\/2021\/11\/IMG_0012a-150x150.png\" width=\"150\" height=\"150\" alt=\"\" \/><span class=\"rl-gallery-caption\"><span class=\"rl-gallery-item-title\">Matthias und Peter.<\/span><\/span><\/a><\/div><div class=\"rl-gallery-item\"><a href=\"https:\/\/zkbsportclub.ch\/laufen\/wp-content\/uploads\/sites\/29\/2021\/11\/IMG_0013-scaled.jpg\" title=\"F\u00fcr diesen Lauf haben S\u00e4mi und Matthias wunderbares Herbstwetter organisiert.\" data-rl_title=\"F\u00fcr diesen Lauf haben S\u00e4mi und Matthias wunderbares Herbstwetter organisiert.\" class=\"rl-gallery-link\" data-rl_caption=\"\" data-rel=\"lightbox-gallery-1\"><img loading=\"lazy\" decoding=\"async\" src=\"https:\/\/zkbsportclub.ch\/laufen\/wp-content\/uploads\/sites\/29\/2021\/11\/IMG_0013-150x150.jpg\" width=\"150\" height=\"150\" alt=\"\" \/><span class=\"rl-gallery-caption\"><span class=\"rl-gallery-item-title\">F\u00fcr diesen Lauf haben S\u00e4mi und Matthias wunderbares Herbstwetter organisiert.<\/span><\/span><\/a><\/div><div class=\"rl-gallery-item\"><a href=\"https:\/\/zkbsportclub.ch\/laufen\/wp-content\/uploads\/sites\/29\/2021\/11\/IMG_0014-scaled.jpg\" title=\"Nach dem \u00dcberqueren der Hauptstrasse geht es weiter in Richtung Oberseen.\" data-rl_title=\"Nach dem \u00dcberqueren der Hauptstrasse geht es weiter in Richtung Oberseen.\" class=\"rl-gallery-link\" data-rl_caption=\"\" data-rel=\"lightbox-gallery-1\"><img loading=\"lazy\" decoding=\"async\" src=\"https:\/\/zkbsportclub.ch\/laufen\/wp-content\/uploads\/sites\/29\/2021\/11\/IMG_0014-150x150.jpg\" width=\"150\" height=\"150\" alt=\"\" \/><span class=\"rl-gallery-caption\"><span class=\"rl-gallery-item-title\">Nach dem \u00dcberqueren der Hauptstrasse geht es weiter in Richtung Oberseen.<\/span><\/span><\/a><\/div><div class=\"rl-gallery-item\"><a href=\"https:\/\/zkbsportclub.ch\/laufen\/wp-content\/uploads\/sites\/29\/2021\/11\/IMG_0015-scaled.jpg\" title=\"Ein kleiner Rebberg, an dem Matthias auch beteiligt ist.\" data-rl_title=\"Ein kleiner Rebberg, an dem Matthias auch beteiligt ist.\" class=\"rl-gallery-link\" data-rl_caption=\"\" data-rel=\"lightbox-gallery-1\"><img loading=\"lazy\" decoding=\"async\" src=\"https:\/\/zkbsportclub.ch\/laufen\/wp-content\/uploads\/sites\/29\/2021\/11\/IMG_0015-150x150.jpg\" width=\"150\" height=\"150\" alt=\"\" \/><span class=\"rl-gallery-caption\"><span class=\"rl-gallery-item-title\">Ein kleiner Rebberg, an dem Matthias auch beteiligt ist.<\/span><\/span><\/a><\/div><div class=\"rl-gallery-item\"><a href=\"https:\/\/zkbsportclub.ch\/laufen\/wp-content\/uploads\/sites\/29\/2021\/11\/IMG_0016a.png\" title=\"Kurze Pause am herbstlichen Waldrand.\" data-rl_title=\"Kurze Pause am herbstlichen Waldrand.\" class=\"rl-gallery-link\" data-rl_caption=\"\" data-rel=\"lightbox-gallery-1\"><img loading=\"lazy\" decoding=\"async\" src=\"https:\/\/zkbsportclub.ch\/laufen\/wp-content\/uploads\/sites\/29\/2021\/11\/IMG_0016a-150x150.png\" width=\"150\" height=\"150\" alt=\"\" \/><span class=\"rl-gallery-caption\"><span class=\"rl-gallery-item-title\">Kurze Pause am herbstlichen Waldrand.<\/span><\/span><\/a><\/div><div class=\"rl-gallery-item\"><a href=\"https:\/\/zkbsportclub.ch\/laufen\/wp-content\/uploads\/sites\/29\/2021\/11\/IMG_0017-scaled.jpg\" title=\"Blick auf Winterthur-Seen.\" data-rl_title=\"Blick auf Winterthur-Seen.\" class=\"rl-gallery-link\" data-rl_caption=\"\" data-rel=\"lightbox-gallery-1\"><img loading=\"lazy\" decoding=\"async\" src=\"https:\/\/zkbsportclub.ch\/laufen\/wp-content\/uploads\/sites\/29\/2021\/11\/IMG_0017-150x150.jpg\" width=\"150\" height=\"150\" alt=\"\" \/><span class=\"rl-gallery-caption\"><span class=\"rl-gallery-item-title\">Blick auf Winterthur-Seen.<\/span><\/span><\/a><\/div><div class=\"rl-gallery-item\"><a href=\"https:\/\/zkbsportclub.ch\/laufen\/wp-content\/uploads\/sites\/29\/2021\/11\/IMG_0018-scaled.jpg\" title=\"Matthias zeigt auf die bisher gelaufene Strecke am gegen\u00fcberliegenden Eschenberg.\" data-rl_title=\"Matthias zeigt auf die bisher gelaufene Strecke am gegen\u00fcberliegenden Eschenberg.\" class=\"rl-gallery-link\" data-rl_caption=\"\" data-rel=\"lightbox-gallery-1\"><img loading=\"lazy\" decoding=\"async\" src=\"https:\/\/zkbsportclub.ch\/laufen\/wp-content\/uploads\/sites\/29\/2021\/11\/IMG_0018-150x150.jpg\" width=\"150\" height=\"150\" alt=\"\" \/><span class=\"rl-gallery-caption\"><span class=\"rl-gallery-item-title\">Matthias zeigt auf die bisher gelaufene Strecke am gegen\u00fcberliegenden Eschenberg.<\/span><\/span><\/a><\/div><div class=\"rl-gallery-item\"><a href=\"https:\/\/zkbsportclub.ch\/laufen\/wp-content\/uploads\/sites\/29\/2021\/11\/IMG_0019-scaled.jpg\" title=\"Ein etwas spezielles Haus.\" data-rl_title=\"Ein etwas spezielles Haus.\" class=\"rl-gallery-link\" data-rl_caption=\"\" data-rel=\"lightbox-gallery-1\"><img loading=\"lazy\" decoding=\"async\" src=\"https:\/\/zkbsportclub.ch\/laufen\/wp-content\/uploads\/sites\/29\/2021\/11\/IMG_0019-150x150.jpg\" width=\"150\" height=\"150\" alt=\"\" \/><span class=\"rl-gallery-caption\"><span class=\"rl-gallery-item-title\">Ein etwas spezielles Haus.<\/span><\/span><\/a><\/div><div class=\"rl-gallery-item\"><a href=\"https:\/\/zkbsportclub.ch\/laufen\/wp-content\/uploads\/sites\/29\/2021\/11\/image1-scaled-e1636706273144.jpeg\" title=\"\" data-rl_title=\"\" class=\"rl-gallery-link\" data-rl_caption=\"\" data-rel=\"lightbox-gallery-1\"><img loading=\"lazy\" decoding=\"async\" src=\"https:\/\/zkbsportclub.ch\/laufen\/wp-content\/uploads\/sites\/29\/2021\/11\/image1-scaled-e1636706273144-150x150.jpeg\" width=\"150\" height=\"150\" alt=\"\" \/><\/a><\/div><div class=\"rl-gallery-item\"><a href=\"https:\/\/zkbsportclub.ch\/laufen\/wp-content\/uploads\/sites\/29\/2021\/11\/image3-scaled.jpeg\" title=\"\" data-rl_title=\"\" class=\"rl-gallery-link\" data-rl_caption=\"\" data-rel=\"lightbox-gallery-1\"><img loading=\"lazy\" decoding=\"async\" src=\"https:\/\/zkbsportclub.ch\/laufen\/wp-content\/uploads\/sites\/29\/2021\/11\/image3-150x150.jpeg\" width=\"150\" height=\"150\" alt=\"\" \/><\/a><\/div><div class=\"rl-gallery-item\"><a href=\"https:\/\/zkbsportclub.ch\/laufen\/wp-content\/uploads\/sites\/29\/2021\/11\/IMG_0020.jpg\" title=\"Die Walkinggruppe hat auf dem Eschenberg den Aussichts-Turm bestiegen.\" data-rl_title=\"Die Walkinggruppe hat auf dem Eschenberg den Aussichts-Turm bestiegen.\" class=\"rl-gallery-link\" data-rl_caption=\"\" data-rel=\"lightbox-gallery-1\"><img loading=\"lazy\" decoding=\"async\" src=\"https:\/\/zkbsportclub.ch\/laufen\/wp-content\/uploads\/sites\/29\/2021\/11\/IMG_0020-150x150.jpg\" width=\"150\" height=\"150\" alt=\"\" \/><span class=\"rl-gallery-caption\"><span class=\"rl-gallery-item-title\">Die Walkinggruppe hat auf dem Eschenberg den Aussichts-Turm bestiegen.<\/span><\/span><\/a><\/div><div class=\"rl-gallery-item\"><a href=\"https:\/\/zkbsportclub.ch\/laufen\/wp-content\/uploads\/sites\/29\/2021\/11\/image2-scaled.jpeg\" title=\"\" data-rl_title=\"\" class=\"rl-gallery-link\" data-rl_caption=\"\" data-rel=\"lightbox-gallery-1\"><img loading=\"lazy\" decoding=\"async\" src=\"https:\/\/zkbsportclub.ch\/laufen\/wp-content\/uploads\/sites\/29\/2021\/11\/image2-150x150.jpeg\" width=\"150\" height=\"150\" alt=\"\" \/><\/a><\/div><div class=\"rl-gallery-item\"><a href=\"https:\/\/zkbsportclub.ch\/laufen\/wp-content\/uploads\/sites\/29\/2021\/11\/IMG-_0021.jpg\" title=\"Auch von hier oben zeigt der Wald seine pr\u00e4chtigen Herbstfarben.\" data-rl_title=\"Auch von hier oben zeigt der Wald seine pr\u00e4chtigen Herbstfarben.\" class=\"rl-gallery-link\" data-rl_caption=\"\" data-rel=\"lightbox-gallery-1\"><img loading=\"lazy\" decoding=\"async\" src=\"https:\/\/zkbsportclub.ch\/laufen\/wp-content\/uploads\/sites\/29\/2021\/11\/IMG-_0021-150x150.jpg\" width=\"150\" height=\"150\" alt=\"\" \/><span class=\"rl-gallery-caption\"><span class=\"rl-gallery-item-title\">Auch von hier oben zeigt der Wald seine pr\u00e4chtigen Herbstfarben.<\/span><\/span><\/a><\/div><div class=\"rl-gallery-item\"><a href=\"https:\/\/zkbsportclub.ch\/laufen\/wp-content\/uploads\/sites\/29\/2021\/11\/image0-scaled.jpeg\" title=\"\" data-rl_title=\"\" class=\"rl-gallery-link\" data-rl_caption=\"\" data-rel=\"lightbox-gallery-1\"><img loading=\"lazy\" decoding=\"async\" src=\"https:\/\/zkbsportclub.ch\/laufen\/wp-content\/uploads\/sites\/29\/2021\/11\/image0-150x150.jpeg\" width=\"150\" height=\"150\" alt=\"\" \/><\/a><\/div><div class=\"rl-gallery-item\"><a href=\"https:\/\/zkbsportclub.ch\/laufen\/wp-content\/uploads\/sites\/29\/2021\/11\/IMG_0022-scaled.jpg\" title=\"Im Caf\u00e9 Cape Forest ist f\u00fcr uns reserviert.\" data-rl_title=\"Im Caf\u00e9 Cape Forest ist f\u00fcr uns reserviert.\" class=\"rl-gallery-link\" data-rl_caption=\"\" data-rel=\"lightbox-gallery-1\"><img loading=\"lazy\" decoding=\"async\" src=\"https:\/\/zkbsportclub.ch\/laufen\/wp-content\/uploads\/sites\/29\/2021\/11\/IMG_0022-150x150.jpg\" width=\"150\" height=\"150\" alt=\"\" \/><span class=\"rl-gallery-caption\"><span class=\"rl-gallery-item-title\">Im Caf\u00e9 Cape Forest ist f\u00fcr uns reserviert.<\/span><\/span><\/a><\/div><div class=\"rl-gallery-item\"><a href=\"https:\/\/zkbsportclub.ch\/laufen\/wp-content\/uploads\/sites\/29\/2021\/11\/IMG_0023-scaled.jpg\" title=\"Auch der Zmorge sieht herbstlich aus.\" data-rl_title=\"Auch der Zmorge sieht herbstlich aus.\" class=\"rl-gallery-link\" data-rl_caption=\"\" data-rel=\"lightbox-gallery-1\"><img loading=\"lazy\" decoding=\"async\" src=\"https:\/\/zkbsportclub.ch\/laufen\/wp-content\/uploads\/sites\/29\/2021\/11\/IMG_0023-150x150.jpg\" width=\"150\" height=\"150\" alt=\"\" \/><span class=\"rl-gallery-caption\"><span class=\"rl-gallery-item-title\">Auch der Zmorge sieht herbstlich aus.<\/span><\/span><\/a><\/div><div class=\"rl-gallery-item\"><a href=\"https:\/\/zkbsportclub.ch\/laufen\/wp-content\/uploads\/sites\/29\/2021\/11\/IMG_0024-scaled.jpg\" title=\"\" data-rl_title=\"\" class=\"rl-gallery-link\" data-rl_caption=\"\" data-rel=\"lightbox-gallery-1\"><img loading=\"lazy\" decoding=\"async\" src=\"https:\/\/zkbsportclub.ch\/laufen\/wp-content\/uploads\/sites\/29\/2021\/11\/IMG_0024-150x150.jpg\" width=\"150\" height=\"150\" alt=\"\" \/><\/a><\/div><div class=\"rl-gallery-item\"><a href=\"https:\/\/zkbsportclub.ch\/laufen\/wp-content\/uploads\/sites\/29\/2021\/11\/IMG_0025-scaled.jpg\" title=\"\" data-rl_title=\"\" class=\"rl-gallery-link\" data-rl_caption=\"\" data-rel=\"lightbox-gallery-1\"><img loading=\"lazy\" decoding=\"async\" src=\"https:\/\/zkbsportclub.ch\/laufen\/wp-content\/uploads\/sites\/29\/2021\/11\/IMG_0025-150x150.jpg\" width=\"150\" height=\"150\" alt=\"\" \/><\/a><\/div><div class=\"rl-gallery-item\"><a href=\"https:\/\/zkbsportclub.ch\/laufen\/wp-content\/uploads\/sites\/29\/2021\/11\/IMG_0026-scaled.jpg\" title=\"\" data-rl_title=\"\" class=\"rl-gallery-link\" data-rl_caption=\"\" data-rel=\"lightbox-gallery-1\"><img loading=\"lazy\" decoding=\"async\" src=\"https:\/\/zkbsportclub.ch\/laufen\/wp-content\/uploads\/sites\/29\/2021\/11\/IMG_0026-150x150.jpg\" width=\"150\" height=\"150\" alt=\"\" \/><\/a><\/div> <\/div> <\/div><\/div>\n\n\n\n<p><\/div><\/div><\/div>\n","protected":false},"excerpt":{"rendered":"","protected":false},"author":24,"featured_media":0,"parent":188,"menu_order":0,"comment_status":"closed","ping_status":"closed","template":"sektion.php","meta":{"footnotes":""},"class_list":["post-6165","page","type-page","status-publish","hentry"],"_links":{"self":[{"href":"https:\/\/zkbsportclub.ch\/laufen\/wp-json\/wp\/v2\/pages\/6165","targetHints":{"allow":["GET"]}}],"collection":[{"href":"https:\/\/zkbsportclub.ch\/laufen\/wp-json\/wp\/v2\/pages"}],"about":[{"href":"https:\/\/zkbsportclub.ch\/laufen\/wp-json\/wp\/v2\/types\/page"}],"author":[{"embeddable":true,"href":"https:\/\/zkbsportclub.ch\/laufen\/wp-json\/wp\/v2\/users\/24"}],"replies":[{"embeddable":true,"href":"https:\/\/zkbsportclub.ch\/laufen\/wp-json\/wp\/v2\/comments?post=6165"}],"version-history":[{"count":4,"href":"https:\/\/zkbsportclub.ch\/laufen\/wp-json\/wp\/v2\/pages\/6165\/revisions"}],"predecessor-version":[{"id":6180,"href":"https:\/\/zkbsportclub.ch\/laufen\/wp-json\/wp\/v2\/pages\/6165\/revisions\/6180"}],"up":[{"embeddable":true,"href":"https:\/\/zkbsportclub.ch\/laufen\/wp-json\/wp\/v2\/pages\/188"}],"wp:attachment":[{"href":"https:\/\/zkbsportclub.ch\/laufen\/wp-json\/wp\/v2\/media?parent=6165"}],"curies":[{"name":"wp","href":"https:\/\/api.w.org\/{rel}","templated":true}]}}